{"id":345,"date":"2018-01-12T14:31:27","date_gmt":"2018-01-12T14:31:27","guid":{"rendered":"http:\/\/iuliu.sancraian.ro\/?page_id=345"},"modified":"2018-01-12T14:54:42","modified_gmt":"2018-01-12T14:54:42","slug":"promotia-1975-imposibila-intoarcere","status":"publish","type":"page","link":"https:\/\/iuliu.sancraian.ro\/index.php\/promotia-1975-imposibila-intoarcere\/","title":{"rendered":"Promotia 1975 &#8211; Imposibila intoarcere"},"content":{"rendered":"<p>De ce i s-a spus <em><strong>Imposibila \u00centoarcere<\/strong><\/em>? Pentru a sublinia faptul c\u0103 acum, dup\u0103 ce au trecut 40 de ani de la absolvire, privim cu jind la anii aceia, dar a ne \u00eentoarce acolo de unde am plecat, este pur \u015fi simplu imposibil!<\/p>\n<p>Ea reprezint\u0103 pentru fiecare dintre noi un mijloc cu ajutorul c\u0103ruia ne vom putea aduce aminte de noi, cei care am fost, care suntem \u015fi care vom fi peste ani, p\u00e2n\u0103 ce ultimul dintre noi va pleca. Fi\u0163i siguri c\u0103 acesta \u00eenseamn\u0103 mare lucru! De ce? Pentru c\u0103 aceast\u0103 carte adun\u0103 \u00eentr-un m\u0103nunchi tot ce a fost mai bun, mai important \u015fi mai frumos din anii de studen\u0163ie, \u015fi apoi din aceste patru decenii scurse de la absolvire.<\/p>\n<p><strong>Cuprins pag.<\/strong><br \/>\nPrefa\u0163\u0103\u2026\u2026\u2026\u2026\u2026\u2026\u2026\u2026\u2026\u2026\u2026\u2026\u2026\u2026\u2026\u2026\u2026\u2026\u2026\u2026\u2026&#8230;. 5<br \/>\nInstitutul de Marin\u0103 \u201eMircea cel B\u0103tr\u00e2n\u201d peste decenii\u2026\u2026\u2026 6<br \/>\nPromo\u021bia 1975 &#8211; Sec\u021bia militar\u0103 (tabel)\u2026\u2026\u2026\u2026\u2026\u2026\u2026\u2026\u2026. 9<br \/>\nEseu despre Promo\u0163ia 1975 &#8211; Michi Vasile\u2026\u2026\u2026\u2026\u2026\u2026\u2026&#8230; 12<br \/>\nS\u0103 ne amintim, pios, de cei pleca\u021bi dintre noi &#8211; Michi Vasile.. 24<br \/>\nProfesorii no\u0219tri &#8211; S\u00e2ncr\u0103ian Iuliu \u2026\u2026\u2026\u2026\u2026\u2026\u2026\u2026\u2026\u2026\u2026 32<br \/>\nDespre instructorii pe care i-am avut &#8211; Michi Vasile\u2026&#8230;&#8230;&#8230;&#8230;. 45<br \/>\nOpinii, fapte, realit\u0103\u0163i &#8211; P\u00e2rvu Virgiliu&#8230;&#8230;&#8230;&#8230;&#8230;&#8230;&#8230;&#8230;&#8230;&#8230;&#8230;&#8230;.. 51<br \/>\nPatruzeci de ani &#8211; prea mult, dar foarte scurt &#8211; Barbu Victor&#8230;. 55<br \/>\nMi-am f\u0103cut datoria fa\u021b\u0103 de \u021bar\u0103 &#8211; Brighid\u0103u Adrian\u2026\u2026\u2026\u2026 60<br \/>\nM\u0103rturisire de credin\u021b\u0103 &#8211; Chiribe\u0219 Ioan \u2026\u2026\u2026\u2026\u2026\u2026\u2026\u2026\u2026 68<br \/>\nSecven\u021be din via\u021ba de student &#8211; Chiri\u021boiu Dorel\u2026..\u2026\u2026\u2026\u2026 71<br \/>\nG\u00e2nduri dup\u0103 40 de ani &#8211; Costiniuc Corneliu\u2026\u2026\u2026\u2026\u2026\u2026. 78<br \/>\nCum am ajuns eu la marin\u0103 &#8211; Du\u0219manu Marian\u2026\u2026\u2026\u2026\u2026&#8230; 82<br \/>\nAcum ne vorbesc picturile lui &#8211; Mariana P\u0103v\u0103loiu, Jan Picingin\u0103\u2026. 85<br \/>\nEu Jan \u0219i Ziua Tineretului &#8211; Jan Picingin\u0103\u2026\u2026\u2026\u2026\u2026\u2026\u2026\u2026 88<br \/>\nDeznod\u0103m\u00e2ntul- Jan Picingin\u0103\u2026&#8230;&#8230;&#8230;&#8230;&#8230;&#8230;&#8230;&#8230;&#8230;&#8230;&#8230;&#8230;&#8230;&#8230;&#8230; 94<br \/>\nO via\u021b\u0103 la navele torpiloare &#8211; Manolache Petrache\u2026\u2026\u2026\u2026&#8230; 98<br \/>\nAnii de studen\u021bie \u0219i ce a mai urmat &#8211; Michi Vasile\u2026&#8230;\u2026\u2026&#8230; 110<br \/>\nMarea ca o fat\u0103 frumoas\u0103 &#8211; S\u00e2ncr\u0103ian Iuliu-Augustin\u2026\u2026\u2026.. 119<br \/>\nNe-a r\u0103mas doar dragostea de mare, nave \u0219i de marinari &#8211;<br \/>\nS\u00e2ncr\u0103ian Iuliu-Augustin \u2026\u2026\u2026\u2026\u2026\u2026\u2026\u2026\u2026\u2026\u2026\u2026\u2026&#8230;.. 139<br \/>\nMarinari prin mun\u021bi &#8211; Victor Velef\u2026\u2026\u2026\u2026\u2026\u2026\u2026..\u2026\u2026\u2026&#8230; 149<br \/>\n\u015eefii promo\u0163iei 1975\u2026\u2026\u2026\u2026\u2026\u2026\u2026\u2026\u2026\u2026\u2026\u2026\u2026\u2026\u2026\u2026.. 152<br \/>\nEpilog &#8211; Michi Vasile\u2026\u2026.\u2026\u2026\u2026\u2026\u2026\u2026\u2026\u2026\u2026\u2026\u2026\u2026\u2026&#8230; 160<\/p>\n<p>\u00cent\u00e2lniri la \u0219coal\u0103\u2026\u2026\u2026\u2026\u2026\u2026\u2026\u2026\u2026\u2026\u2026\u2026\u2026\u2026\u2026\u2026\u2026&#8230; 170<\/p>\n","protected":false},"excerpt":{"rendered":"<p>De ce i s-a spus Imposibila \u00centoarcere? Pentru a sublinia faptul c\u0103 acum, dup\u0103 ce au trecut 40 de ani de la absolvire, privim cu jind la anii aceia, dar a ne \u00eentoarce acolo de unde am plecat, este pur &hellip; <a href=\"https:\/\/iuliu.sancraian.ro\/index.php\/promotia-1975-imposibila-intoarcere\/\">Continue reading <span class=\"meta-nav\">&rarr;<\/span><\/a><\/p>\n","protected":false},"author":1,"featured_media":0,"parent":0,"menu_order":0,"comment_status":"closed","ping_status":"closed","template":"","meta":{"footnotes":""},"class_list":["post-345","page","type-page","status-publish","hentry"],"_links":{"self":[{"href":"https:\/\/iuliu.sancraian.ro\/index.php\/wp-json\/wp\/v2\/pages\/345","targetHints":{"allow":["GET"]}}],"collection":[{"href":"https:\/\/iuliu.sancraian.ro\/index.php\/wp-json\/wp\/v2\/pages"}],"about":[{"href":"https:\/\/iuliu.sancraian.ro\/index.php\/wp-json\/wp\/v2\/types\/page"}],"author":[{"embeddable":true,"href":"https:\/\/iuliu.sancraian.ro\/index.php\/wp-json\/wp\/v2\/users\/1"}],"replies":[{"embeddable":true,"href":"https:\/\/iuliu.sancraian.ro\/index.php\/wp-json\/wp\/v2\/comments?post=345"}],"version-history":[{"count":5,"href":"https:\/\/iuliu.sancraian.ro\/index.php\/wp-json\/wp\/v2\/pages\/345\/revisions"}],"predecessor-version":[{"id":351,"href":"https:\/\/iuliu.sancraian.ro\/index.php\/wp-json\/wp\/v2\/pages\/345\/revisions\/351"}],"wp:attachment":[{"href":"https:\/\/iuliu.sancraian.ro\/index.php\/wp-json\/wp\/v2\/media?parent=345"}],"curies":[{"name":"wp","href":"https:\/\/api.w.org\/{rel}","templated":true}]}}